{"id":107,"date":"2025-05-15T20:50:19","date_gmt":"2025-05-15T20:50:19","guid":{"rendered":"https:\/\/raizer.cl\/?page_id=107"},"modified":"2025-05-18T00:55:02","modified_gmt":"2025-05-18T00:55:02","slug":"anastacia-velozo","status":"publish","type":"page","link":"https:\/\/raizer.cl\/index.php\/atletas\/anastacia-velozo\/","title":{"rendered":"Anastacia Velozo"},"content":{"rendered":"\t\t<div data-elementor-type=\"wp-page\" data-elementor-id=\"107\" class=\"elementor elementor-107\">\n\t\t\t\t<div class=\"elementor-element elementor-element-309781a e-flex e-con-boxed e-con e-parent\" data-id=\"309781a\" data-element_type=\"container\" data-settings=\"{&quot;background_background&quot;:&quot;classic&quot;}\">\n\t\t\t\t\t<div class=\"e-con-inner\">\n\t\t\t\t<div class=\"elementor-element elementor-element-e1e88fd elementor-widget-mobile__width-initial elementor-widget elementor-widget-heading\" data-id=\"e1e88fd\" data-element_type=\"widget\" data-widget_type=\"heading.default\">\n\t\t\t\t<div class=\"elementor-widget-container\">\n\t\t\t\t\t<h6 class=\"elementor-heading-title elementor-size-default\">Disciplina: Karate \u2013 Kumite Femenino-68 <\/h6>\t\t\t\t<\/div>\n\t\t\t\t<\/div>\n\t\t\t\t<div class=\"elementor-element elementor-element-55e8c66c elementor-widget elementor-widget-heading\" data-id=\"55e8c66c\" data-element_type=\"widget\" data-widget_type=\"heading.default\">\n\t\t\t\t<div class=\"elementor-widget-container\">\n\t\t\t\t\t<h1 class=\"elementor-heading-title elementor-size-default\">Anastasia Velozo<\/h1>\t\t\t\t<\/div>\n\t\t\t\t<\/div>\n\t\t\t\t<div class=\"elementor-element elementor-element-2b060613 elementor-widget__width-initial elementor-widget-mobile__width-initial elementor-widget elementor-widget-heading\" data-id=\"2b060613\" data-element_type=\"widget\" data-widget_type=\"heading.default\">\n\t\t\t\t<div class=\"elementor-widget-container\">\n\t\t\t\t\t<h5 class=\"elementor-heading-title elementor-size-default\">\"No solo represento una bandera, represento todo lo que he superado para estar aqu\u00ed.\"<\/h5>\t\t\t\t<\/div>\n\t\t\t\t<\/div>\n\t\t\t\t\t<\/div>\n\t\t\t\t<\/div>\n\t\t<div class=\"elementor-element elementor-element-14a646a1 e-con-full e-flex e-con e-parent\" data-id=\"14a646a1\" data-element_type=\"container\" data-settings=\"{&quot;background_background&quot;:&quot;classic&quot;}\">\n\t\t<div class=\"elementor-element elementor-element-5d9cacbc e-con-full e-flex e-con e-child\" data-id=\"5d9cacbc\" data-element_type=\"container\">\n\t\t\t\t<div class=\"elementor-element elementor-element-57bb9657 elementor-widget elementor-widget-text-editor\" data-id=\"57bb9657\" data-element_type=\"widget\" data-widget_type=\"text-editor.default\">\n\t\t\t\t<div class=\"elementor-widget-container\">\n\t\t\t\t\t\t\t\t\t<p data-pm-slice=\"1 1 []\"><strong>Soy Anastasia Velozo Miastkovska, karateca chileno-ucraniana.<\/strong> Nac\u00ed en Ucrania, donde fui campeona europea, pero el destino me trajo a Chile, mi nueva casa. Hoy compito por este pa\u00eds que me abri\u00f3 los brazos y al que represento con todo el coraz\u00f3n. Compito dando lo mejor de m\u00ed para honrar a quienes me apoyan en cada desaf\u00edo.<\/p>\t\t\t\t\t\t\t\t<\/div>\n\t\t\t\t<\/div>\n\t\t\t\t<\/div>\n\t\t<div class=\"elementor-element elementor-element-43e162ac e-con-full e-flex e-con e-child\" data-id=\"43e162ac\" data-element_type=\"container\">\n\t\t\t\t<div class=\"elementor-element elementor-element-19c9c4 elementor-widget elementor-widget-image\" data-id=\"19c9c4\" data-element_type=\"widget\" data-widget_type=\"image.default\">\n\t\t\t\t<div class=\"elementor-widget-container\">\n\t\t\t\t\t\t\t\t\t\t\t\t\t\t\t<img fetchpriority=\"high\" decoding=\"async\" width=\"636\" height=\"584\" src=\"https:\/\/raizer.cl\/wp-content\/uploads\/2025\/05\/Screenshot-2025-05-16-at-1.49.30\u202fPM.png\" class=\"attachment-large size-large wp-image-164\" alt=\"\" srcset=\"https:\/\/raizer.cl\/wp-content\/uploads\/2025\/05\/Screenshot-2025-05-16-at-1.49.30\u202fPM.png 636w, https:\/\/raizer.cl\/wp-content\/uploads\/2025\/05\/Screenshot-2025-05-16-at-1.49.30\u202fPM-300x275.png 300w, https:\/\/raizer.cl\/wp-content\/uploads\/2025\/05\/Screenshot-2025-05-16-at-1.49.30\u202fPM-600x551.png 600w\" sizes=\"(max-width: 636px) 100vw, 636px\" \/>\t\t\t\t\t\t\t\t\t\t\t\t\t\t\t<\/div>\n\t\t\t\t<\/div>\n\t\t\t\t<\/div>\n\t\t\t\t<\/div>\n\t\t<div class=\"elementor-element elementor-element-16af46c3 e-con-full e-flex e-con e-parent\" data-id=\"16af46c3\" data-element_type=\"container\" data-settings=\"{&quot;background_background&quot;:&quot;classic&quot;}\">\n\t\t<div class=\"elementor-element elementor-element-268b5329 e-con-full e-flex e-con e-child\" data-id=\"268b5329\" data-element_type=\"container\">\n\t\t<div class=\"elementor-element elementor-element-7cb3c37 e-con-full e-flex e-con e-child\" data-id=\"7cb3c37\" data-element_type=\"container\">\n\t\t\t\t<div class=\"elementor-element elementor-element-39ecabf elementor-widget elementor-widget-heading\" data-id=\"39ecabf\" data-element_type=\"widget\" data-widget_type=\"heading.default\">\n\t\t\t\t<div class=\"elementor-widget-container\">\n\t\t\t\t\t<h2 class=\"elementor-heading-title elementor-size-default\">Sue\u00f1os<\/h2>\t\t\t\t<\/div>\n\t\t\t\t<\/div>\n\t\t\t\t<div class=\"elementor-element elementor-element-b07b1ef elementor-widget elementor-widget-text-editor\" data-id=\"b07b1ef\" data-element_type=\"widget\" data-widget_type=\"text-editor.default\">\n\t\t\t\t<div class=\"elementor-widget-container\">\n\t\t\t\t\t\t\t\t\t<p>\u201cMi sue\u00f1o es seguir creciendo como atleta y dejar una huella en el karate internacional. Aspiro a clasificar a los Juegos Panamericanos y representar a Chile en campeonatos mundiales y, alg\u00fan d\u00eda, en los Juegos Ol\u00edmpicos. M\u00e1s all\u00e1 de las medallas, quiero inspirar a otros con mi historia, demostrar que con esfuerzo y perseverancia, todo es posible.\u201d<\/p>\t\t\t\t\t\t\t\t<\/div>\n\t\t\t\t<\/div>\n\t\t\t\t<\/div>\n\t\t\t\t<\/div>\n\t\t<div class=\"elementor-element elementor-element-ed2ad7 e-con-full e-flex e-con e-child\" data-id=\"ed2ad7\" data-element_type=\"container\">\n\t\t\t\t<div class=\"elementor-element elementor-element-1f56adbd elementor-widget elementor-widget-image\" data-id=\"1f56adbd\" data-element_type=\"widget\" data-widget_type=\"image.default\">\n\t\t\t\t<div class=\"elementor-widget-container\">\n\t\t\t\t\t\t\t\t\t\t\t\t\t\t\t<img decoding=\"async\" width=\"1024\" height=\"796\" src=\"https:\/\/raizer.cl\/wp-content\/uploads\/2025\/05\/Firefly_world-championship-karate-competition-medal-sweat-dripping-people-sitting-in-stand-14302-1024x796.jpg\" class=\"attachment-large size-large wp-image-167\" alt=\"\" srcset=\"https:\/\/raizer.cl\/wp-content\/uploads\/2025\/05\/Firefly_world-championship-karate-competition-medal-sweat-dripping-people-sitting-in-stand-14302-1024x796.jpg 1024w, https:\/\/raizer.cl\/wp-content\/uploads\/2025\/05\/Firefly_world-championship-karate-competition-medal-sweat-dripping-people-sitting-in-stand-14302-300x233.jpg 300w, https:\/\/raizer.cl\/wp-content\/uploads\/2025\/05\/Firefly_world-championship-karate-competition-medal-sweat-dripping-people-sitting-in-stand-14302-768x597.jpg 768w, https:\/\/raizer.cl\/wp-content\/uploads\/2025\/05\/Firefly_world-championship-karate-competition-medal-sweat-dripping-people-sitting-in-stand-14302-1536x1195.jpg 1536w, https:\/\/raizer.cl\/wp-content\/uploads\/2025\/05\/Firefly_world-championship-karate-competition-medal-sweat-dripping-people-sitting-in-stand-14302-2048x1593.jpg 2048w, https:\/\/raizer.cl\/wp-content\/uploads\/2025\/05\/Firefly_world-championship-karate-competition-medal-sweat-dripping-people-sitting-in-stand-14302-600x467.jpg 600w\" sizes=\"(max-width: 1024px) 100vw, 1024px\" \/>\t\t\t\t\t\t\t\t\t\t\t\t\t\t\t<\/div>\n\t\t\t\t<\/div>\n\t\t\t\t<\/div>\n\t\t\t\t<\/div>\n\t\t<div class=\"elementor-element elementor-element-1e7cc19 e-con-full e-flex e-con e-parent\" data-id=\"1e7cc19\" data-element_type=\"container\" data-settings=\"{&quot;background_background&quot;:&quot;classic&quot;}\">\n\t\t<div class=\"elementor-element elementor-element-4fbc3a3 e-con-full e-flex e-con e-child\" data-id=\"4fbc3a3\" data-element_type=\"container\">\n\t\t\t\t<div class=\"elementor-element elementor-element-0de5dee elementor-widget elementor-widget-heading\" data-id=\"0de5dee\" data-element_type=\"widget\" data-widget_type=\"heading.default\">\n\t\t\t\t<div class=\"elementor-widget-container\">\n\t\t\t\t\t<h2 class=\"elementor-heading-title elementor-size-default\">Mi Disciplina: Karate \u2013 Kumite<\/h2>\t\t\t\t<\/div>\n\t\t\t\t<\/div>\n\t\t\t\t<div class=\"elementor-element elementor-element-c67a6bc elementor-widget elementor-widget-text-editor\" data-id=\"c67a6bc\" data-element_type=\"widget\" data-widget_type=\"text-editor.default\">\n\t\t\t\t<div class=\"elementor-widget-container\">\n\t\t\t\t\t\t\t\t\t<p>Practico karate en la modalidad <strong>kumite<\/strong>, un combate controlado donde se marcan puntos con t\u00e9cnicas precisas. Es una disciplina que exige <strong>velocidad, estrategia<\/strong> y mucha <strong>concentraci\u00f3n.<\/strong> Para m\u00ed, el kumite es m\u00e1s que competir: es una forma de superarme cada d\u00eda.<\/p>\t\t\t\t\t\t\t\t<\/div>\n\t\t\t\t<\/div>\n\t\t\t\t<\/div>\n\t\t<div class=\"elementor-element elementor-element-5727432 e-con-full e-flex e-con e-child\" data-id=\"5727432\" data-element_type=\"container\">\n\t\t\t\t<div class=\"elementor-element elementor-element-edd256f elementor-widget elementor-widget-image\" data-id=\"edd256f\" data-element_type=\"widget\" data-widget_type=\"image.default\">\n\t\t\t\t<div class=\"elementor-widget-container\">\n\t\t\t\t\t\t\t\t\t\t\t\t\t\t\t<img decoding=\"async\" width=\"1024\" height=\"796\" src=\"https:\/\/raizer.cl\/wp-content\/uploads\/2025\/05\/Firefly_karate-a-women-kicking-the-air-against-another-competitor.-competition-sweat-drippin-518950-1024x796.jpg\" class=\"attachment-large size-large wp-image-166\" alt=\"\" srcset=\"https:\/\/raizer.cl\/wp-content\/uploads\/2025\/05\/Firefly_karate-a-women-kicking-the-air-against-another-competitor.-competition-sweat-drippin-518950-1024x796.jpg 1024w, https:\/\/raizer.cl\/wp-content\/uploads\/2025\/05\/Firefly_karate-a-women-kicking-the-air-against-another-competitor.-competition-sweat-drippin-518950-300x233.jpg 300w, https:\/\/raizer.cl\/wp-content\/uploads\/2025\/05\/Firefly_karate-a-women-kicking-the-air-against-another-competitor.-competition-sweat-drippin-518950-768x597.jpg 768w, https:\/\/raizer.cl\/wp-content\/uploads\/2025\/05\/Firefly_karate-a-women-kicking-the-air-against-another-competitor.-competition-sweat-drippin-518950-1536x1195.jpg 1536w, https:\/\/raizer.cl\/wp-content\/uploads\/2025\/05\/Firefly_karate-a-women-kicking-the-air-against-another-competitor.-competition-sweat-drippin-518950-2048x1593.jpg 2048w, https:\/\/raizer.cl\/wp-content\/uploads\/2025\/05\/Firefly_karate-a-women-kicking-the-air-against-another-competitor.-competition-sweat-drippin-518950-600x467.jpg 600w\" sizes=\"(max-width: 1024px) 100vw, 1024px\" \/>\t\t\t\t\t\t\t\t\t\t\t\t\t\t\t<\/div>\n\t\t\t\t<\/div>\n\t\t\t\t<\/div>\n\t\t\t\t<\/div>\n\t\t<div class=\"elementor-element elementor-element-d6b81e1 e-con-full e-flex e-con e-parent\" data-id=\"d6b81e1\" data-element_type=\"container\" data-settings=\"{&quot;background_background&quot;:&quot;classic&quot;}\">\n\t\t\t\t<div class=\"elementor-element elementor-element-b5683d8 elementor-widget elementor-widget-heading\" data-id=\"b5683d8\" data-element_type=\"widget\" data-widget_type=\"heading.default\">\n\t\t\t\t<div class=\"elementor-widget-container\">\n\t\t\t\t\t<h3 class=\"elementor-heading-title elementor-size-default\">Algunos Logros<\/h3>\t\t\t\t<\/div>\n\t\t\t\t<\/div>\n\t\t<div class=\"elementor-element elementor-element-e4aea85 e-con-full e-flex e-con e-child\" data-id=\"e4aea85\" data-element_type=\"container\">\n\t\t\t\t<div class=\"elementor-element elementor-element-6dc37ab elementor-widget__width-initial elementor-widget elementor-widget-icon-box\" data-id=\"6dc37ab\" data-element_type=\"widget\" data-widget_type=\"icon-box.default\">\n\t\t\t\t<div class=\"elementor-widget-container\">\n\t\t\t\t\t\t\t<div class=\"elementor-icon-box-wrapper\">\n\n\t\t\t\n\t\t\t\t\t\t<div class=\"elementor-icon-box-content\">\n\n\t\t\t\t\t\t\t\t\t<h4 class=\"elementor-icon-box-title\">\n\t\t\t\t\t\t<span  >\n\t\t\t\t\t\t\tCampeona Juvenil de Europa (2015)\t\t\t\t\t\t<\/span>\n\t\t\t\t\t<\/h4>\n\t\t\t\t\n\t\t\t\t\t\t\t\t\t<p class=\"elementor-icon-box-description\">\n\t\t\t\t\t\tObtuve el primer lugar en el Campeonato Europeo de Karate Juvenil representando a Ucrania, destacando en la categor\u00eda kumite.\t\t\t\t\t<\/p>\n\t\t\t\t\n\t\t\t<\/div>\n\t\t\t\n\t\t<\/div>\n\t\t\t\t\t\t<\/div>\n\t\t\t\t<\/div>\n\t\t\t\t<div class=\"elementor-element elementor-element-4d3093a elementor-widget__width-initial elementor-widget elementor-widget-icon-box\" data-id=\"4d3093a\" data-element_type=\"widget\" data-widget_type=\"icon-box.default\">\n\t\t\t\t<div class=\"elementor-widget-container\">\n\t\t\t\t\t\t\t<div class=\"elementor-icon-box-wrapper\">\n\n\t\t\t\n\t\t\t\t\t\t<div class=\"elementor-icon-box-content\">\n\n\t\t\t\t\t\t\t\t\t<h4 class=\"elementor-icon-box-title\">\n\t\t\t\t\t\t<span  >\n\t\t\t\t\t\t\tMedallista en torneos internacionales WKF\t\t\t\t\t\t<\/span>\n\t\t\t\t\t<\/h4>\n\t\t\t\t\n\t\t\t\t\t\t\t\t\t<p class=\"elementor-icon-box-description\">\n\t\t\t\t\t\tHe logrado medallas en competencias del circuito oficial de la World Karate Federation (WKF), enfrentando a atletas del m\u00e1s alto nivel.\t\t\t\t\t<\/p>\n\t\t\t\t\n\t\t\t<\/div>\n\t\t\t\n\t\t<\/div>\n\t\t\t\t\t\t<\/div>\n\t\t\t\t<\/div>\n\t\t\t\t<div class=\"elementor-element elementor-element-55d0579 elementor-widget__width-initial elementor-widget elementor-widget-icon-box\" data-id=\"55d0579\" data-element_type=\"widget\" data-widget_type=\"icon-box.default\">\n\t\t\t\t<div class=\"elementor-widget-container\">\n\t\t\t\t\t\t\t<div class=\"elementor-icon-box-wrapper\">\n\n\t\t\t\n\t\t\t\t\t\t<div class=\"elementor-icon-box-content\">\n\n\t\t\t\t\t\t\t\t\t<h4 class=\"elementor-icon-box-title\">\n\t\t\t\t\t\t<span  >\n\t\t\t\t\t\t\tDebut oficial con Chile en el Campeonato Panamericano de Karate (2023)\t\t\t\t\t\t<\/span>\n\t\t\t\t\t<\/h4>\n\t\t\t\t\n\t\t\t\t\t\t\t\t\t<p class=\"elementor-icon-box-description\">\n\t\t\t\t\t\tMi primera competencia como seleccionada chilena fue en Costa Rica, donde represent\u00e9 al pa\u00eds con orgullo frente a potencias continentales.\t\t\t\t\t<\/p>\n\t\t\t\t\n\t\t\t<\/div>\n\t\t\t\n\t\t<\/div>\n\t\t\t\t\t\t<\/div>\n\t\t\t\t<\/div>\n\t\t\t\t<div class=\"elementor-element elementor-element-f805f05 elementor-widget__width-initial elementor-widget elementor-widget-icon-box\" data-id=\"f805f05\" data-element_type=\"widget\" data-widget_type=\"icon-box.default\">\n\t\t\t\t<div class=\"elementor-widget-container\">\n\t\t\t\t\t\t\t<div class=\"elementor-icon-box-wrapper\">\n\n\t\t\t\n\t\t\t\t\t\t<div class=\"elementor-icon-box-content\">\n\n\t\t\t\t\t\t\t\t\t<h4 class=\"elementor-icon-box-title\">\n\t\t\t\t\t\t<span  >\n\t\t\t\t\t\t\tParticipaci\u00f3n en la Serie A de la WKF (2023-2024)\t\t\t\t\t\t<\/span>\n\t\t\t\t\t<\/h4>\n\t\t\t\t\n\t\t\t\t\t\t\t\t\t<p class=\"elementor-icon-box-description\">\n\t\t\t\t\t\tHe competido en eventos de la Serie A de la WKF, un circuito de alto nivel donde se define el ranking mundial de karate.\t\t\t\t\t<\/p>\n\t\t\t\t\n\t\t\t<\/div>\n\t\t\t\n\t\t<\/div>\n\t\t\t\t\t\t<\/div>\n\t\t\t\t<\/div>\n\t\t\t\t<div class=\"elementor-element elementor-element-04f902c elementor-widget__width-initial elementor-widget elementor-widget-icon-box\" data-id=\"04f902c\" data-element_type=\"widget\" data-widget_type=\"icon-box.default\">\n\t\t\t\t<div class=\"elementor-widget-container\">\n\t\t\t\t\t\t\t<div class=\"elementor-icon-box-wrapper\">\n\n\t\t\t\n\t\t\t\t\t\t<div class=\"elementor-icon-box-content\">\n\n\t\t\t\t\t\t\t\t\t<h4 class=\"elementor-icon-box-title\">\n\t\t\t\t\t\t<span  >\n\t\t\t\t\t\t\tTop 5 en el Campeonato Nacional Chileno (2022-2023)\t\t\t\t\t\t<\/span>\n\t\t\t\t\t<\/h4>\n\t\t\t\t\n\t\t\t\t\t\t\t\t\t<p class=\"elementor-icon-box-description\">\n\t\t\t\t\t\tDesde que comenc\u00e9 a competir en Chile, he estado consistentemente entre las mejores atletas nacionales en mi categor\u00eda.\t\t\t\t\t<\/p>\n\t\t\t\t\n\t\t\t<\/div>\n\t\t\t\n\t\t<\/div>\n\t\t\t\t\t\t<\/div>\n\t\t\t\t<\/div>\n\t\t\t\t<div class=\"elementor-element elementor-element-2467a2d elementor-widget__width-initial elementor-widget elementor-widget-icon-box\" data-id=\"2467a2d\" data-element_type=\"widget\" data-widget_type=\"icon-box.default\">\n\t\t\t\t<div class=\"elementor-widget-container\">\n\t\t\t\t\t\t\t<div class=\"elementor-icon-box-wrapper\">\n\n\t\t\t\n\t\t\t\t\t\t<div class=\"elementor-icon-box-content\">\n\n\t\t\t\t\t\t\t\t\t<h4 class=\"elementor-icon-box-title\">\n\t\t\t\t\t\t<span  >\n\t\t\t\t\t\t\tEntrenamientos y preparaci\u00f3n con la selecci\u00f3n chilena de karate\t\t\t\t\t\t<\/span>\n\t\t\t\t\t<\/h4>\n\t\t\t\t\n\t\t\t\t\t\t\t\t\t<p class=\"elementor-icon-box-description\">\n\t\t\t\t\t\tFormo parte del equipo nacional, entrenando bajo est\u00e1ndares de alto rendimiento junto a referentes del karate chileno.\t\t\t\t\t<\/p>\n\t\t\t\t\n\t\t\t<\/div>\n\t\t\t\n\t\t<\/div>\n\t\t\t\t\t\t<\/div>\n\t\t\t\t<\/div>\n\t\t\t\t<\/div>\n\t\t\t\t<\/div>\n\t\t<div class=\"elementor-element elementor-element-3872d8d e-con-full e-flex e-con e-parent\" data-id=\"3872d8d\" data-element_type=\"container\" data-settings=\"{&quot;background_background&quot;:&quot;classic&quot;}\">\n\t\t\t\t<div class=\"elementor-element elementor-element-36e1775 elementor-widget elementor-widget-video\" data-id=\"36e1775\" data-element_type=\"widget\" data-settings=\"{&quot;youtube_url&quot;:&quot;https:\\\/\\\/www.youtube.com\\\/watch?v=XHOmBV4js_E&quot;,&quot;video_type&quot;:&quot;youtube&quot;,&quot;controls&quot;:&quot;yes&quot;}\" data-widget_type=\"video.default\">\n\t\t\t\t<div class=\"elementor-widget-container\">\n\t\t\t\t\t\t\t<div class=\"elementor-wrapper elementor-open-inline\">\n\t\t\t<div class=\"elementor-video\"><\/div>\t\t<\/div>\n\t\t\t\t\t\t<\/div>\n\t\t\t\t<\/div>\n\t\t\t\t<\/div>\n\t\t<div class=\"elementor-element elementor-element-5dc91a21 e-con-full e-flex e-con e-parent\" data-id=\"5dc91a21\" data-element_type=\"container\" data-settings=\"{&quot;background_background&quot;:&quot;classic&quot;}\">\n\t\t\t\t<div class=\"elementor-element elementor-element-2cd2c44f elementor-widget elementor-widget-heading\" data-id=\"2cd2c44f\" data-element_type=\"widget\" data-widget_type=\"heading.default\">\n\t\t\t\t<div class=\"elementor-widget-container\">\n\t\t\t\t\t<h3 class=\"elementor-heading-title elementor-size-default\">Ayudame con las siguientes metas<\/h3>\t\t\t\t<\/div>\n\t\t\t\t<\/div>\n\t\t<div class=\"elementor-element elementor-element-7635d3ab e-con-full e-flex e-con e-child\" data-id=\"7635d3ab\" data-element_type=\"container\">\n\t\t\t\t<div class=\"elementor-element elementor-element-1a5a193b elementor-widget__width-initial elementor-widget elementor-widget-icon-box\" data-id=\"1a5a193b\" data-element_type=\"widget\" data-widget_type=\"icon-box.default\">\n\t\t\t\t<div class=\"elementor-widget-container\">\n\t\t\t\t\t\t\t<div class=\"elementor-icon-box-wrapper\">\n\n\t\t\t\n\t\t\t\t\t\t<div class=\"elementor-icon-box-content\">\n\n\t\t\t\t\t\t\t\t\t<h4 class=\"elementor-icon-box-title\">\n\t\t\t\t\t\t<span  >\n\t\t\t\t\t\t\tPreparaci\u00f3n f\u00edsica y mental\t\t\t\t\t\t<\/span>\n\t\t\t\t\t<\/h4>\n\t\t\t\t\n\t\t\t\t\t\t\t\t\t<p class=\"elementor-icon-box-description\">\n\t\t\t\t\t\tFinancia entrenamientos, evaluaciones m\u00e9dicas y apoyo psicol\u00f3gico para rendir al m\u00e1ximo.\t\t\t\t\t<\/p>\n\t\t\t\t\n\t\t\t<\/div>\n\t\t\t\n\t\t<\/div>\n\t\t\t\t\t\t<\/div>\n\t\t\t\t<\/div>\n\t\t\t\t<div class=\"elementor-element elementor-element-17076842 elementor-widget__width-initial elementor-widget elementor-widget-icon-box\" data-id=\"17076842\" data-element_type=\"widget\" data-widget_type=\"icon-box.default\">\n\t\t\t\t<div class=\"elementor-widget-container\">\n\t\t\t\t\t\t\t<div class=\"elementor-icon-box-wrapper\">\n\n\t\t\t\n\t\t\t\t\t\t<div class=\"elementor-icon-box-content\">\n\n\t\t\t\t\t\t\t\t\t<h4 class=\"elementor-icon-box-title\">\n\t\t\t\t\t\t<span  >\n\t\t\t\t\t\t\tEquipamiento deportivo\t\t\t\t\t\t<\/span>\n\t\t\t\t\t<\/h4>\n\t\t\t\t\n\t\t\t\t\t\t\t\t\t<p class=\"elementor-icon-box-description\">\n\t\t\t\t\t\tContribuye a renovar el uniforme, protecciones y otros implementos necesarios para competir al m\u00e1s alto nivel.\t\t\t\t\t<\/p>\n\t\t\t\t\n\t\t\t<\/div>\n\t\t\t\n\t\t<\/div>\n\t\t\t\t\t\t<\/div>\n\t\t\t\t<\/div>\n\t\t\t\t<div class=\"elementor-element elementor-element-3e7f98e elementor-widget__width-initial elementor-widget elementor-widget-icon-box\" data-id=\"3e7f98e\" data-element_type=\"widget\" data-widget_type=\"icon-box.default\">\n\t\t\t\t<div class=\"elementor-widget-container\">\n\t\t\t\t\t\t\t<div class=\"elementor-icon-box-wrapper\">\n\n\t\t\t\n\t\t\t\t\t\t<div class=\"elementor-icon-box-content\">\n\n\t\t\t\t\t\t\t\t\t<h4 class=\"elementor-icon-box-title\">\n\t\t\t\t\t\t<span  >\n\t\t\t\t\t\t\tViajes y estad\u00edas\t\t\t\t\t\t<\/span>\n\t\t\t\t\t<\/h4>\n\t\t\t\t\n\t\t\t\t\t\t\t\t\t<p class=\"elementor-icon-box-description\">\n\t\t\t\t\t\tAyuda a cubrir los gastos de transporte y alojamiento en campeonatos dentro y fuera del pa\u00eds.\t\t\t\t\t<\/p>\n\t\t\t\t\n\t\t\t<\/div>\n\t\t\t\n\t\t<\/div>\n\t\t\t\t\t\t<\/div>\n\t\t\t\t<\/div>\n\t\t\t\t<div class=\"elementor-element elementor-element-6a62276c elementor-widget__width-initial elementor-widget elementor-widget-icon-box\" data-id=\"6a62276c\" data-element_type=\"widget\" data-widget_type=\"icon-box.default\">\n\t\t\t\t<div class=\"elementor-widget-container\">\n\t\t\t\t\t\t\t<div class=\"elementor-icon-box-wrapper\">\n\n\t\t\t\n\t\t\t\t\t\t<div class=\"elementor-icon-box-content\">\n\n\t\t\t\t\t\t\t\t\t<h4 class=\"elementor-icon-box-title\">\n\t\t\t\t\t\t<span  >\n\t\t\t\t\t\t\tAlimentaci\u00f3n especializada\t\t\t\t\t\t<\/span>\n\t\t\t\t\t<\/h4>\n\t\t\t\t\n\t\t\t\t\t\t\t\t\t<p class=\"elementor-icon-box-description\">\n\t\t\t\t\t\tPermite mantener una nutrici\u00f3n adecuada y suplementos que potencian mi rendimiento d\u00eda a d\u00eda.\t\t\t\t\t<\/p>\n\t\t\t\t\n\t\t\t<\/div>\n\t\t\t\n\t\t<\/div>\n\t\t\t\t\t\t<\/div>\n\t\t\t\t<\/div>\n\t\t\t\t<\/div>\n\t\t\t\t<\/div>\n\t\t<div class=\"elementor-element elementor-element-19fc1d8 e-flex e-con-boxed e-con e-parent\" data-id=\"19fc1d8\" data-element_type=\"container\" data-settings=\"{&quot;background_background&quot;:&quot;classic&quot;}\">\n\t\t\t\t\t<div class=\"e-con-inner\">\n\t\t\t\t<div class=\"elementor-element elementor-element-5f38cebd elementor-widget elementor-widget-heading\" data-id=\"5f38cebd\" data-element_type=\"widget\" data-widget_type=\"heading.default\">\n\t\t\t\t<div class=\"elementor-widget-container\">\n\t\t\t\t\t<h3 class=\"elementor-heading-title elementor-size-default\">Tu aporte hace la diferencia<\/h3>\t\t\t\t<\/div>\n\t\t\t\t<\/div>\n\t\t\t\t<div class=\"elementor-element elementor-element-1e8c9443 elementor-widget elementor-widget-text-editor\" data-id=\"1e8c9443\" data-element_type=\"widget\" data-widget_type=\"text-editor.default\">\n\t\t\t\t<div class=\"elementor-widget-container\">\n\t\t\t\t\t\t\t\t\t<p>Cada donaci\u00f3n me acerca un paso m\u00e1s a mis metas como atleta. Gracias por ser parte de este camino.<\/p>\t\t\t\t\t\t\t\t<\/div>\n\t\t\t\t<\/div>\n\t\t\t\t<div class=\"elementor-element elementor-element-50b6c605 elementor-align-center elementor-mobile-align-center elementor-widget elementor-widget-button\" data-id=\"50b6c605\" data-element_type=\"widget\" data-widget_type=\"button.default\">\n\t\t\t\t<div class=\"elementor-widget-container\">\n\t\t\t\t\t\t\t\t\t<div class=\"elementor-button-wrapper\">\n\t\t\t\t\t<a class=\"elementor-button elementor-button-link elementor-size-sm\" href=\"#\">\n\t\t\t\t\t\t<span class=\"elementor-button-content-wrapper\">\n\t\t\t\t\t\t\t\t\t<span class=\"elementor-button-text\">Haz tu aporte<\/span>\n\t\t\t\t\t<\/span>\n\t\t\t\t\t<\/a>\n\t\t\t\t<\/div>\n\t\t\t\t\t\t\t\t<\/div>\n\t\t\t\t<\/div>\n\t\t\t\t\t<\/div>\n\t\t\t\t<\/div>\n\t\t<div class=\"elementor-element elementor-element-b2c3ade e-con-full e-flex e-con e-parent\" data-id=\"b2c3ade\" data-element_type=\"container\" data-settings=\"{&quot;background_background&quot;:&quot;classic&quot;}\">\n\t\t\t\t<div class=\"elementor-element elementor-element-60700ff elementor-arrows-position-inside elementor-pagination-position-outside elementor-widget elementor-widget-image-carousel\" data-id=\"60700ff\" data-element_type=\"widget\" data-settings=\"{&quot;navigation&quot;:&quot;both&quot;,&quot;autoplay&quot;:&quot;yes&quot;,&quot;pause_on_hover&quot;:&quot;yes&quot;,&quot;pause_on_interaction&quot;:&quot;yes&quot;,&quot;autoplay_speed&quot;:5000,&quot;infinite&quot;:&quot;yes&quot;,&quot;speed&quot;:500}\" data-widget_type=\"image-carousel.default\">\n\t\t\t\t<div class=\"elementor-widget-container\">\n\t\t\t\t\t\t\t<div class=\"elementor-image-carousel-wrapper swiper\" role=\"region\" aria-roledescription=\"carousel\" aria-label=\"Carrusel de im\u00e1genes\" dir=\"ltr\">\n\t\t\t<div class=\"elementor-image-carousel swiper-wrapper\" aria-live=\"off\">\n\t\t\t\t\t\t\t\t<div class=\"swiper-slide\" role=\"group\" aria-roledescription=\"slide\" aria-label=\"1 de 5\"><figure class=\"swiper-slide-inner\"><img decoding=\"async\" class=\"swiper-slide-image\" src=\"https:\/\/raizer.cl\/wp-content\/uploads\/2025\/05\/Screenshot-2025-05-16-at-1.02.55\u202fPM-768x931.png\" alt=\"Screenshot 2025-05-16 at 1.02.55\u202fPM\" \/><\/figure><\/div><div class=\"swiper-slide\" role=\"group\" aria-roledescription=\"slide\" aria-label=\"2 de 5\"><figure class=\"swiper-slide-inner\"><img decoding=\"async\" class=\"swiper-slide-image\" src=\"https:\/\/raizer.cl\/wp-content\/uploads\/2025\/05\/Screenshot-2025-05-16-at-1.06.34\u202fPM.png\" alt=\"Screenshot 2025-05-16 at 1.06.34\u202fPM\" \/><\/figure><\/div><div class=\"swiper-slide\" role=\"group\" aria-roledescription=\"slide\" aria-label=\"3 de 5\"><figure class=\"swiper-slide-inner\"><img decoding=\"async\" class=\"swiper-slide-image\" src=\"https:\/\/raizer.cl\/wp-content\/uploads\/2025\/05\/Screenshot-2025-05-16-at-1.06.51\u202fPM-768x969.png\" alt=\"Screenshot 2025-05-16 at 1.06.51\u202fPM\" \/><\/figure><\/div><div class=\"swiper-slide\" role=\"group\" aria-roledescription=\"slide\" aria-label=\"4 de 5\"><figure class=\"swiper-slide-inner\"><img decoding=\"async\" class=\"swiper-slide-image\" src=\"https:\/\/raizer.cl\/wp-content\/uploads\/2025\/05\/Screenshot-2025-05-16-at-1.06.58\u202fPM-768x1016.png\" alt=\"Screenshot 2025-05-16 at 1.06.58\u202fPM\" \/><\/figure><\/div><div class=\"swiper-slide\" role=\"group\" aria-roledescription=\"slide\" aria-label=\"5 de 5\"><figure class=\"swiper-slide-inner\"><img decoding=\"async\" class=\"swiper-slide-image\" src=\"https:\/\/raizer.cl\/wp-content\/uploads\/2025\/05\/Screenshot-2025-05-16-at-1.07.09\u202fPM-768x977.png\" alt=\"Screenshot 2025-05-16 at 1.07.09\u202fPM\" \/><\/figure><\/div>\t\t\t<\/div>\n\t\t\t\t\t\t\t\t\t\t\t\t<div class=\"elementor-swiper-button elementor-swiper-button-prev\" role=\"button\" tabindex=\"0\">\n\t\t\t\t\t\t<svg aria-hidden=\"true\" class=\"e-font-icon-svg e-eicon-chevron-left\" viewBox=\"0 0 1000 1000\" xmlns=\"http:\/\/www.w3.org\/2000\/svg\"><path d=\"M646 125C629 125 613 133 604 142L308 442C296 454 292 471 292 487 292 504 296 521 308 533L604 854C617 867 629 875 646 875 663 875 679 871 692 858 704 846 713 829 713 812 713 796 708 779 692 767L438 487 692 225C700 217 708 204 708 187 708 171 704 154 692 142 675 129 663 125 646 125Z\"><\/path><\/svg>\t\t\t\t\t<\/div>\n\t\t\t\t\t<div class=\"elementor-swiper-button elementor-swiper-button-next\" role=\"button\" tabindex=\"0\">\n\t\t\t\t\t\t<svg aria-hidden=\"true\" class=\"e-font-icon-svg e-eicon-chevron-right\" viewBox=\"0 0 1000 1000\" xmlns=\"http:\/\/www.w3.org\/2000\/svg\"><path d=\"M696 533C708 521 713 504 713 487 713 471 708 454 696 446L400 146C388 133 375 125 354 125 338 125 325 129 313 142 300 154 292 171 292 187 292 204 296 221 308 233L563 492 304 771C292 783 288 800 288 817 288 833 296 850 308 863 321 871 338 875 354 875 371 875 388 867 400 854L696 533Z\"><\/path><\/svg>\t\t\t\t\t<\/div>\n\t\t\t\t\n\t\t\t\t\t\t\t\t\t<div class=\"swiper-pagination\"><\/div>\n\t\t\t\t\t\t\t\t\t<\/div>\n\t\t\t\t\t\t<\/div>\n\t\t\t\t<\/div>\n\t\t\t\t<\/div>\n\t\t\t\t<\/div>\n\t\t","protected":false},"excerpt":{"rendered":"<p>Disciplina: Karate \u2013 Kumite Femenino-68 Anastasia Velozo \u00abNo solo represento una bandera, represento todo lo que he superado para estar [&hellip;]<\/p>\n","protected":false},"author":1,"featured_media":0,"parent":73,"menu_order":0,"comment_status":"closed","ping_status":"closed","template":"","meta":{"site-sidebar-layout":"no-sidebar","site-content-layout":"","ast-site-content-layout":"full-width-container","site-content-style":"default","site-sidebar-style":"default","ast-global-header-display":"","ast-banner-title-visibility":"","ast-main-header-display":"","ast-hfb-above-header-display":"","ast-hfb-below-header-display":"","ast-hfb-mobile-header-display":"","site-post-title":"disabled","ast-breadcrumbs-content":"","ast-featured-img":"disabled","footer-sml-layout":"","theme-transparent-header-meta":"","adv-header-id-meta":"","stick-header-meta":"","header-above-stick-meta":"","header-main-stick-meta":"","header-below-stick-meta":"","astra-migrate-meta-layouts":"default","ast-page-background-enabled":"default","ast-page-background-meta":{"desktop":{"background-color":"var(--ast-global-color-5)","background-image":"","background-repeat":"repeat","background-position":"center center","background-size":"auto","background-attachment":"scroll","background-type":"","background-media":"","overlay-type":"","overlay-color":"","overlay-opacity":"","overlay-gradient":""},"tablet":{"background-color":"","background-image":"","background-repeat":"repeat","background-position":"center center","background-size":"auto","background-attachment":"scroll","background-type":"","background-media":"","overlay-type":"","overlay-color":"","overlay-opacity":"","overlay-gradient":""},"mobile":{"background-color":"","background-image":"","background-repeat":"repeat","background-position":"center center","background-size":"auto","background-attachment":"scroll","background-type":"","background-media":"","overlay-type":"","overlay-color":"","overlay-opacity":"","overlay-gradient":""}},"ast-content-background-meta":{"desktop":{"background-color":"var(--ast-global-color-4)","background-image":"","background-repeat":"repeat","background-position":"center center","background-size":"auto","background-attachment":"scroll","background-type":"","background-media":"","overlay-type":"","overlay-color":"","overlay-opacity":"","overlay-gradient":""},"tablet":{"background-color":"var(--ast-global-color-4)","background-image":"","background-repeat":"repeat","background-position":"center center","background-size":"auto","background-attachment":"scroll","background-type":"","background-media":"","overlay-type":"","overlay-color":"","overlay-opacity":"","overlay-gradient":""},"mobile":{"background-color":"var(--ast-global-color-4)","background-image":"","background-repeat":"repeat","background-position":"center center","background-size":"auto","background-attachment":"scroll","background-type":"","background-media":"","overlay-type":"","overlay-color":"","overlay-opacity":"","overlay-gradient":""}},"footnotes":""},"class_list":["post-107","page","type-page","status-publish","hentry"],"_links":{"self":[{"href":"https:\/\/raizer.cl\/index.php\/wp-json\/wp\/v2\/pages\/107","targetHints":{"allow":["GET"]}}],"collection":[{"href":"https:\/\/raizer.cl\/index.php\/wp-json\/wp\/v2\/pages"}],"about":[{"href":"https:\/\/raizer.cl\/index.php\/wp-json\/wp\/v2\/types\/page"}],"author":[{"embeddable":true,"href":"https:\/\/raizer.cl\/index.php\/wp-json\/wp\/v2\/users\/1"}],"replies":[{"embeddable":true,"href":"https:\/\/raizer.cl\/index.php\/wp-json\/wp\/v2\/comments?post=107"}],"version-history":[{"count":22,"href":"https:\/\/raizer.cl\/index.php\/wp-json\/wp\/v2\/pages\/107\/revisions"}],"predecessor-version":[{"id":346,"href":"https:\/\/raizer.cl\/index.php\/wp-json\/wp\/v2\/pages\/107\/revisions\/346"}],"up":[{"embeddable":true,"href":"https:\/\/raizer.cl\/index.php\/wp-json\/wp\/v2\/pages\/73"}],"wp:attachment":[{"href":"https:\/\/raizer.cl\/index.php\/wp-json\/wp\/v2\/media?parent=107"}],"curies":[{"name":"wp","href":"https:\/\/api.w.org\/{rel}","templated":true}]}}